{"id":12027,"date":"2024-09-06T11:23:37","date_gmt":"2024-09-06T15:23:37","guid":{"rendered":"https:\/\/madnesscanada.com\/?page_id=12027"},"modified":"2026-04-20T08:41:00","modified_gmt":"2026-04-20T12:41:00","slug":"the-end-of-the-19th-century","status":"publish","type":"page","link":"https:\/\/madnesscanada.com\/fr\/contributor-exhibits\/lets-talk-mental-health\/the-end-of-the-19th-century\/","title":{"rendered":"Fin Si\u00e8cle 19"},"content":{"rendered":"<h1 class=\"wp-block-heading\">Fin Si\u00e8cle 19<\/h1>\n\n\n\n<p>L&rsquo;histoire des asiles commence au tournant du XIXe si\u00e8cle en Angleterre. La s\u00e9paration du public n&rsquo;\u00e9tait pas seulement sociale, elle \u00e9tait aussi physique. Une cl\u00f4ture de 8 pieds a \u00e9t\u00e9 construite \u00e0 des fins de s\u00e9curit\u00e9 et pour garder les patients \u00ab\u00a0hors de vue et loin de l&rsquo;esprit\u00a0\u00bb.<\/p>\n\n\n\n<h4 class=\"wp-block-heading\">SELKIRK<\/h4>\n\n\n\n<p><strong>1871<\/strong>&#8211; Au Manitoba, le gouvernement provincial et le Dominion ont \u00e9tabli le premier asile \u00e0 Lower Fort Garry.<\/p>\n\n\n\n<p><strong>1884<\/strong> &#8211; Le gouvernement provincial a adopt\u00e9 une loi autorisant la construction d&rsquo;un asile.<\/p>\n\n\n\n<p><strong>1886<\/strong> &#8211; L&rsquo;h\u00f4pital de Selkirk a \u00e9t\u00e9 achev\u00e9 et s&rsquo;appelait <em>Lunatic Asylum<\/em>.<\/p>\n\n\n\n<p><strong>1886<\/strong> &#8211; Inaugur\u00e9 officiellement, le \u00ab Manitoba Asylum for the Insane \u00bb avait une capacit\u00e9 de 167 personnes.<\/p>\n\n\n\n<p>&nbsp;<\/p>\n\n\n\n<div class=\"captionpicsaligned short260\" style=\"clear: both;\"><\/div>\n\n\n<div class=\"wp-block-image\">\n<figure class=\"alignleft\"><a href=\"https:\/\/madnesscanada.com\/wp-content\/uploads\/Manitoba-Archives-The-newly-completed-Selkirk-Mental-Hospital-1887-1.jpg\"><img loading=\"lazy\" decoding=\"async\" width=\"300\" height=\"201\" src=\"https:\/\/madnesscanada.com\/wp-content\/uploads\/Manitoba-Archives-The-newly-completed-Selkirk-Mental-Hospital-1887-1-300x201.jpg\" alt=\"\" class=\"wp-image-12105\" srcset=\"https:\/\/madnesscanada.com\/wp-content\/uploads\/Manitoba-Archives-The-newly-completed-Selkirk-Mental-Hospital-1887-1-300x201.jpg 300w, https:\/\/madnesscanada.com\/wp-content\/uploads\/Manitoba-Archives-The-newly-completed-Selkirk-Mental-Hospital-1887-1-768x515.jpg 768w, https:\/\/madnesscanada.com\/wp-content\/uploads\/Manitoba-Archives-The-newly-completed-Selkirk-Mental-Hospital-1887-1.jpg 1024w\" sizes=\"auto, (max-width: 300px) 100vw, 300px\" \/><\/a><figcaption class=\"wp-element-caption\">L&rsquo;h\u00f4pital psychiatrique de Selkirk, r\u00e9cemment achev\u00e9, 1887<\/figcaption><\/figure>\n<\/div>\n\n<div class=\"wp-block-image\">\n<figure class=\"alignleft\"><a href=\"https:\/\/madnesscanada.com\/wp-content\/uploads\/GPSA_n7969.jpg\"><img loading=\"lazy\" decoding=\"async\" width=\"300\" height=\"185\" src=\"https:\/\/madnesscanada.com\/wp-content\/uploads\/GPSA_n7969-300x185.jpg\" alt=\"\" class=\"wp-image-12102\" srcset=\"https:\/\/madnesscanada.com\/wp-content\/uploads\/GPSA_n7969-300x185.jpg 300w, https:\/\/madnesscanada.com\/wp-content\/uploads\/GPSA_n7969-768x473.jpg 768w, https:\/\/madnesscanada.com\/wp-content\/uploads\/GPSA_n7969.jpg 1024w\" sizes=\"auto, (max-width: 300px) 100vw, 300px\" \/><\/a><figcaption class=\"wp-element-caption\">Selkirk &#8211; H\u00f4pital psychiatrique 53 vers 1887. Asile d&rsquo;ali\u00e9n\u00e9s<\/figcaption><\/figure>\n<\/div>\n\n\n<h4 class=\"wp-block-heading\">BRANDON<\/h4>\n\n\n\n<p><strong>1891<\/strong>&#8211; L&rsquo;asile de Brandon a ouvert ses portes.<\/p>\n\n\n\n<div class=\"captionpicsaligned short260\" style=\"clear: both;\"><\/div>\n\n\n<div class=\"wp-block-image\">\n<figure class=\"alignleft\"><a href=\"https:\/\/madnesscanada.com\/wp-content\/uploads\/GPSA_n14243.jpg\"><img loading=\"lazy\" decoding=\"async\" width=\"241\" height=\"300\" src=\"https:\/\/madnesscanada.com\/wp-content\/uploads\/GPSA_n14243-241x300.jpg\" alt=\"\" class=\"wp-image-12128\" srcset=\"https:\/\/madnesscanada.com\/wp-content\/uploads\/GPSA_n14243-241x300.jpg 241w, https:\/\/madnesscanada.com\/wp-content\/uploads\/GPSA_n14243-768x954.jpg 768w, https:\/\/madnesscanada.com\/wp-content\/uploads\/GPSA_n14243.jpg 824w\" sizes=\"auto, (max-width: 241px) 100vw, 241px\" \/><\/a><figcaption class=\"wp-element-caption\">Le personnel de l&rsquo;asile de Brandon, 1894<\/figcaption><\/figure>\n<\/div>\n\n\n<h4 class=\"wp-block-heading\">PORTAGE LA PRAIRIE<\/h4>\n\n\n\n<p><strong>1890<\/strong> &#8211; L&rsquo;histoire des institutions pour les personnes vivant avec un handicap au Manitoba commence, avec ce qui s&rsquo;appelait \u00e0 l&rsquo;origine le Home for the Incurables \u00e0 Portage la Prairie.<\/p>\n\n\n\n<p>L&rsquo;\u00e9tablissement de Portage la Prairie abritait des patients souffrant d&rsquo;une grande vari\u00e9t\u00e9 de maladies qui, \u00e0 l&rsquo;\u00e9poque, ne seraient pas trait\u00e9es dans un h\u00f4pital g\u00e9n\u00e9ral.<\/p>\n\n\n\n<h4 class=\"wp-block-heading\">Sources<\/h4>\n\n\n\n<p>Manitoba Asylum &#8211; Selkirk Museum<br>[https:\/\/selkirkmuseum.ca\/places\/the-manitoba-asylum\/]<\/p>\n\n\n\n<p>Article: Abnormal psychology<\/p>\n\n\n\n<p>Development centre\u2019s time is past \u2013 Winnipeg Free Press<br>[https:\/\/www.winnipegfreepress.com\/opinion\/analysis\/2013\/10\/01\/development-centres-time-is-past]<\/p>\n\n\n\n<p>Module Three: Manitoba \u2013 Truths of Institutionalization<br>[https:\/\/truthsofinstitutionalization.ca\/modules\/module-3-mb\/]<\/p>\n\n\n\n<p>Historic Sites of Manitoba: Home for Incurables \/ Home for the Aged and Infirm \/ Manitoba School for Mental Defectives \/ Manitoba School for Retardates \/ Manitoba Development Centre (3rd Street NE, Portage la Prairie) (mhs.mb.ca)<br>[https:\/\/www.mhs.mb.ca\/docs\/sites\/homeforincurables.shtml]<\/p>\n\n\n\n<p>Historic Sites of Manitoba: Brandon Mental Health Centre (First Street, Brandon) (mhs.mb.ca)<br>[http:\/\/mhs.mb.ca\/docs\/sites\/brandonmentalhealthcentre.shtml]<\/p>\n\n\n\n<p>Manitoba History: The Brandon Asylum Fire of 1910 (mhs.mb.ca)<br>[http:\/\/www.mhs.mb.ca\/docs\/mb_history\/21\/brandonasylumfire.shtml]<\/p>\n\n\n\n<h4 class=\"wp-block-heading\">Photo Credits<\/h4>\n\n\n\n<p><em>L&rsquo;h\u00f4pital psychiatrique de Selkirk, r\u00e9cemment achev\u00e9, 1887<\/em><br>Archives of Manitoba, Archives of Manitoba photo collection, Selkirk &#8211; Mental Hospital,1887-1955, P1215<\/p>\n\n\n\n<p><em>Selkirk &#8211; H\u00f4pital psychiatrique 53 vers 1887. Asile d&rsquo;ali\u00e9n\u00e9s<\/em><br>Archives of Manitoba, Archives of Manitoba photo collection, Selkirk &#8211; Mental Hospital 41-53,1887-1955, P1215<\/p>\n\n\n\n<p><em>Le personnel de l&rsquo;asile de Brandon, 1894<\/em><br>Archives of Manitoba, Archives of Manitoba photo collection, Brandon &#8211; Buildings &#8211; Provincial &#8211; Brandon Mental Health Centre, 1906-1946, P1132<\/p>\n\n\n<!-- Widget Shortcode --><div id=\"nav_menu-88\" class=\"widget widget_nav_menu widget-shortcode area-arbitrary \"><h2 class=\"widgettitle\">Explorer davantage<\/h2><nav class=\"menu-lets-talk-mental-health-container\" aria-label=\"Explorer davantage\"><ul id=\"menu-lets-talk-mental-health-1\" class=\"menu\"><li class=\"menu-item menu-item-type-post_type menu-item-object-page menu-item-12044\"><a href=\"https:\/\/madnesscanada.com\/fr\/contributor-exhibits\/lets-talk-mental-health\/the-end-of-the-19th-century\/\">Fin Si\u00e8cle 19<\/a><\/li>\n<li class=\"menu-item menu-item-type-post_type menu-item-object-page menu-item-12046\"><a href=\"https:\/\/madnesscanada.com\/fr\/contributor-exhibits\/lets-talk-mental-health\/the-start-of-the-20th-century\/\">Si\u00e8cle 20<\/a><\/li>\n<li class=\"menu-item menu-item-type-post_type menu-item-object-page menu-item-12057\"><a href=\"https:\/\/madnesscanada.com\/fr\/contributor-exhibits\/lets-talk-mental-health\/the-transition-period\/\">Transition<\/a><\/li>\n<li class=\"menu-item menu-item-type-post_type menu-item-object-page menu-item-12056\"><a href=\"https:\/\/madnesscanada.com\/fr\/contributor-exhibits\/lets-talk-mental-health\/today\/\">Aujourd\u2019hui<\/a><\/li>\n<li class=\"menu-item menu-item-type-post_type menu-item-object-page menu-item-12055\"><a href=\"https:\/\/madnesscanada.com\/fr\/contributor-exhibits\/lets-talk-mental-health\/the-future\/\">L\u2019avenir<\/a><\/li>\n<li class=\"menu-item menu-item-type-post_type menu-item-object-post menu-item-655\"><a href=\"https:\/\/madnesscanada.com\/fr\/lets-talk-mental-health\/\">Page d&rsquo;affichage officiel<\/a><\/li>\n<\/ul><\/nav><\/div><!-- \/Widget Shortcode -->","protected":false},"excerpt":{"rendered":"<p>Fin Si\u00e8cle 19 L&rsquo;histoire des asiles commence au tournant du XIXe si\u00e8cle en Angleterre. La s\u00e9paration du public n&rsquo;\u00e9tait pas seulement sociale, elle \u00e9tait aussi physique. Une cl\u00f4ture de 8 pieds a \u00e9t\u00e9 construite \u00e0 des fins de s\u00e9curit\u00e9 et pour garder les patients \u00ab\u00a0hors de vue et loin de l&rsquo;esprit\u00a0\u00bb. SELKIRK 1871&#8211; Au Manitoba, &hellip; <\/p>\n<p class=\"link-more\"><a href=\"https:\/\/madnesscanada.com\/fr\/contributor-exhibits\/lets-talk-mental-health\/the-end-of-the-19th-century\/\" class=\"more-link\">Continuer la lecture<span class=\"screen-reader-text\"> de &laquo;&nbsp;Fin Si\u00e8cle 19&nbsp;&raquo;<\/span><\/a><\/p>\n","protected":false},"author":7,"featured_media":0,"parent":12019,"menu_order":0,"comment_status":"closed","ping_status":"closed","template":"","meta":{"footnotes":""},"class_list":["post-12027","page","type-page","status-publish","hentry"],"_links":{"self":[{"href":"https:\/\/madnesscanada.com\/fr\/wp-json\/wp\/v2\/pages\/12027","targetHints":{"allow":["GET"]}}],"collection":[{"href":"https:\/\/madnesscanada.com\/fr\/wp-json\/wp\/v2\/pages"}],"about":[{"href":"https:\/\/madnesscanada.com\/fr\/wp-json\/wp\/v2\/types\/page"}],"author":[{"embeddable":true,"href":"https:\/\/madnesscanada.com\/fr\/wp-json\/wp\/v2\/users\/7"}],"replies":[{"embeddable":true,"href":"https:\/\/madnesscanada.com\/fr\/wp-json\/wp\/v2\/comments?post=12027"}],"version-history":[{"count":51,"href":"https:\/\/madnesscanada.com\/fr\/wp-json\/wp\/v2\/pages\/12027\/revisions"}],"predecessor-version":[{"id":1447,"href":"https:\/\/madnesscanada.com\/fr\/wp-json\/wp\/v2\/pages\/12027\/revisions\/1447"}],"up":[{"embeddable":true,"href":"https:\/\/madnesscanada.com\/fr\/wp-json\/wp\/v2\/pages\/12019"}],"wp:attachment":[{"href":"https:\/\/madnesscanada.com\/fr\/wp-json\/wp\/v2\/media?parent=12027"}],"curies":[{"name":"wp","href":"https:\/\/api.w.org\/{rel}","templated":true}]}}