{"id":9198,"date":"2020-04-23T15:00:57","date_gmt":"2020-04-23T19:00:57","guid":{"rendered":"http:\/\/aftertheasylum.ca\/new-wordpress\/?page_id=3001"},"modified":"2022-06-22T13:38:10","modified_gmt":"2022-06-22T17:38:10","slug":"francais-page-trois","status":"publish","type":"page","link":"https:\/\/madnesscanada.com\/fr\/after-the-asylum\/survivor-culture\/francais-solidarite-psychiatrie\/francais-page-trois\/","title":{"rendered":"Des projets artistiques"},"content":{"rendered":"<p><\/p>\n<!-- Widget Shortcode --><div id=\"nav_menu-64\" class=\"widget widget_nav_menu widget-shortcode area-arbitrary \"><h2 class=\"widgettitle\">(English) After the Asylum<\/h2><div class=\"menu-after-the-asylum-container\"><ul id=\"menu-after-the-asylum\" class=\"menu\"><li class=\"menu-item menu-item-type-post_type menu-item-object-page menu-item-9204\"><a href=\"https:\/\/madnesscanada.com\/fr\/after-the-asylum\/\">Apr\u00e8s l\u2019asile<\/a><\/li>\n<li class=\"menu-item menu-item-type-post_type menu-item-object-page menu-item-9203\"><a href=\"https:\/\/madnesscanada.com\/fr\/after-the-asylum\/policy-and-practice\/\">Politiques de sant\u00e9 mentale<\/a><\/li>\n<li class=\"menu-item menu-item-type-post_type menu-item-object-page menu-item-9208\"><a href=\"https:\/\/madnesscanada.com\/fr\/after-the-asylum\/peer-support-activism\/\">Soutien par les pairs et activisme<\/a><\/li>\n<li class=\"menu-item menu-item-type-post_type menu-item-object-page menu-item-9207\"><a href=\"https:\/\/madnesscanada.com\/fr\/after-the-asylum\/survivor-culture\/\">Culture de la survivante<\/a><\/li>\n<li class=\"menu-item menu-item-type-post_type menu-item-object-page menu-item-9206\"><a href=\"https:\/\/madnesscanada.com\/fr\/after-the-asylum\/case-studies\/\">\u00c9tudes de cas<\/a><\/li>\n<\/ul><\/div><\/div><!-- \/Widget Shortcode -->\n<!-- Widget Shortcode --><div id=\"search-3\" class=\"widget widget_search widget-shortcode area-arbitrary \"><h2 class=\"widgettitle\">(English) SEARCH<\/h2><form role=\"search\" method=\"get\" class=\"search-form\" action=\"https:\/\/madnesscanada.com\/fr\/\">\n\t\t\t\t<label>\n\t\t\t\t\t<span class=\"screen-reader-text\">Rechercher\u00a0:<\/span>\n\t\t\t\t\t<input type=\"search\" class=\"search-field\" placeholder=\"Rechercher\u2026\" value=\"\" name=\"s\" \/>\n\t\t\t\t<\/label>\n\t\t\t\t<input type=\"submit\" class=\"search-submit\" value=\"Rechercher\" \/>\n\t\t\t<\/form><\/div><!-- \/Widget Shortcode -->\n<div class=\"rightmenu\"><!-- Widget Shortcode --><div id=\"nav_menu-86\" class=\"widget widget_nav_menu widget-shortcode area-arbitrary \"><div class=\"menu-solidarite-psychiatrie-container\"><ul id=\"menu-solidarite-psychiatrie\" class=\"menu\"><li class=\"menu-item menu-item-type-post_type menu-item-object-page menu-item-9358\"><a href=\"https:\/\/madnesscanada.com\/fr\/after-the-asylum\/survivor-culture\/francais-solidarite-psychiatrie\/\">Solidarit\u00e9-Psychiatrie<\/a><\/li>\n<li class=\"menu-item menu-item-type-post_type menu-item-object-page menu-item-9364\"><a href=\"https:\/\/madnesscanada.com\/fr\/after-the-asylum\/survivor-culture\/francais-solidarite-psychiatrie\/francais-page-un\/\">Le premier noyau<\/a><\/li>\n<li class=\"menu-item menu-item-type-post_type menu-item-object-page menu-item-9363\"><a href=\"https:\/\/madnesscanada.com\/fr\/after-the-asylum\/survivor-culture\/francais-solidarite-psychiatrie\/francais-page-deux\/\">Une interpr\u00e9tation alternative<\/a><\/li>\n<li class=\"menu-item menu-item-type-post_type menu-item-object-page menu-item-9362\"><a href=\"https:\/\/madnesscanada.com\/fr\/after-the-asylum\/survivor-culture\/francais-solidarite-psychiatrie\/francais-page-trois\/\">Des projets artistiques<\/a><\/li>\n<li class=\"menu-item menu-item-type-post_type menu-item-object-page menu-item-9361\"><a href=\"https:\/\/madnesscanada.com\/fr\/after-the-asylum\/survivor-culture\/francais-solidarite-psychiatrie\/francais-page-quatre\/\">Une \u00e9volution cyclique<\/a><\/li>\n<li class=\"menu-item menu-item-type-post_type menu-item-object-page menu-item-9360\"><a href=\"https:\/\/madnesscanada.com\/fr\/after-the-asylum\/survivor-culture\/francais-solidarite-psychiatrie\/francais-page-cinq\/\">Sources<\/a><\/li>\n<li class=\"menu-item menu-item-type-post_type menu-item-object-page menu-item-9359\"><a href=\"https:\/\/madnesscanada.com\/fr\/after-the-asylum\/survivor-culture\/\">Culture survivante<\/a><\/li>\n<\/ul><\/div><\/div><!-- \/Widget Shortcode --><\/div>\n<nav aria-label=\"breadcrumbs\">\n            <div class=\"breadcrumb-container theme1\">\n                <ol>\n                                    <\/ol>\n            <\/div>\n        <\/nav>    <script type=\"application\/ld+json\">\n        {\n            \"@context\": \"http:\/\/schema.org\",\n            \"@type\": \"BreadcrumbList\",\n            \"itemListElement\": [\n                            ]\n        }\n    <\/script>\n   \n    <script>\n            <\/script>\n\n<h1>Des projets artistiques<\/h1>\n<p>D\u00e8s les mois suivant la cr\u00e9ation du regroupement, des membres ont pour projet de recueillir le r\u00e9cit de leurs exp\u00e9riences et r\u00e9flexions. Diff\u00e9rents t\u00e9moignages et po\u00e8mes sont ainsi mis \u00e0 l\u2019\u00e9crit et une pi\u00e8ce de th\u00e9\u00e2tre, illustrant l\u2019exp\u00e9rience sociale et institutionnelle des personnes \u00e9tiquet\u00e9es comme folles, est mise en chantier. Son sc\u00e9nario est compl\u00e9t\u00e9 l\u2019ann\u00e9e suivante et la pi\u00e8ce, intitul\u00e9e Pas si fou d\u2019\u00eatre fou, est ensuite jou\u00e9e devant le public. \u00c9crite et interpr\u00e9t\u00e9e par des personnes psychiatris\u00e9es, elle met en sc\u00e8ne diff\u00e9rentes situations relatives \u00e0 l\u2019internement et aux cons\u00e9quences sociales de la psychiatrisation.<\/p>\n<p><a href=\"https:\/\/madnesscanada.com\/wp-content\/uploads\/2020\/04\/Solidarite\u0301-Psychiatrie-La-folie-comme-de-raison.jpg\"><img loading=\"lazy\" decoding=\"async\" class=\" wp-image-3349 alignleft\" src=\"https:\/\/madnesscanada.com\/wp-content\/uploads\/2020\/04\/Solidarite\u0301-Psychiatrie-La-folie-comme-de-raison-195x300.jpg\" alt=\"book cover with Solidarite\u0301-Psychiatrie-La-folie-comme-de-raison written on it\" width=\"253\" height=\"389\" \/><\/a>Les premi\u00e8res ann\u00e9es de Solidarit\u00e9-Psychiatrie sont marqu\u00e9es par une effervescence remarquable se traduisant par la multiplication de projets artistiques. Un atelier d\u2019\u00e9criture est mis sur pied et aboutit \u00e0 la publication, aux \u00e9ditions VLB, du livre La Folie comme de raison; un collectif d\u2019une vingtaine d\u2019auteurs qui regroupe des textes autour du th\u00e8me de la folie. \u00c9crits en prose ou en vers, ces textes t\u00e9moignent de diverses exp\u00e9riences v\u00e9cues par des personnes ayant \u00e9t\u00e9 psychiatris\u00e9es. L\u2019ouvrage cherche \u00e0 rompre le silence et combattre les tabous autour de la sant\u00e9 mentale et de la psychiatrisation. Pour ses auteurs, il se veut \u00e9galement un moyen de s\u2019affranchir de cette souffrance qui constitue le point de d\u00e9part du projet\u00a0: \u00ab\u00a0Pour quitter la souffrance, la lib\u00e9rer un peu, il aura fallu partir d\u2019elle, l\u2019\u00e9crire et la d\u00e9crire depuis le s\u00e9jour que nous avions fait aupr\u00e8s d\u2019elle ou en elle\u00a0\u00bb. Aussi, il constitue une occasion privil\u00e9gi\u00e9e de faire conna\u00eetre un point de vue autre que celui des institutions, de \u00ab\u00a0communiquer au lecteur l\u2019autre c\u00f4t\u00e9 de la m\u00e9daille et peut-\u00eatre un peu plus nous l\u2019esp\u00e9rons, certainement une autre version des faits que celle pr\u00e9sent\u00e9e par la psychiatrie officielle et reprise de fa\u00e7on tout \u00e0 fait irr\u00e9fl\u00e9chie par les mass-m\u00e9dia\u00a0\u00bb. Le livre conna\u00eet une diffusion appr\u00e9ciable et trouve un \u00e9cho dans la presse.<\/p>\n<p><a href=\"https:\/\/madnesscanada.com\/wp-content\/uploads\/2019\/11\/La-folie-comme-de-raison.pdf\"><strong>Solidarit\u00e9-Psychiatrie, La folie comme de raison : Histoires vraies, Montr\u00e9al, VLB \u00c9diteur, 1984, 246 p.<\/strong><\/a><\/p>\n<p>Publi\u00e9 en 1984, le livre <em>La Folie<\/em> comme de raison regroupe les r\u00e9cits \u00e9crits par une vingtaine de membres de Solidarit\u00e9-Psychiatrie. Parfois po\u00e9tiques, parfois narratifs, ces courts textes \u00e9voquent diff\u00e9rentes exp\u00e9riences et \u00e9motions v\u00e9cues par les personnes psychiatris\u00e9es; qu\u2019il s\u2019agisse de leurs rapports avec l\u2019institution psychiatrique, avec leur entourage et avec la soci\u00e9t\u00e9, ou encore de leur cheminement personnel.<\/p>\n\n<p><strong>Film Clef de Sol\u00a0: \u00ab\u00a0Foug\u00e8res\u00a0\u00bb en R\u00c9 majeur (1990)<\/strong><\/p>\n<h4><strong><a href=\"https:\/\/www.youtube.com\/watch?v=Q3XqZtw1dyc\" target=\"_blank\" rel=\"noopener noreferrer\">Partie 1<\/a>\u00a0\u00a0\u00a0\u00a0 \u00a0 \u00a0 \u00a0 \u00a0 \u00a0 \u00a0 \u00a0 \u00a0 \u00a0 \u00a0\u00a0\u00a0\u00a0\u00a0\u00a0 <a href=\"https:\/\/www.youtube.com\/watch?v=XxhaAqIq6cE\" target=\"_blank\" rel=\"noopener noreferrer\">Partie 2<\/a><\/strong><\/h4>\n<p>Le film Clef de Sol\u00a0: \u00ab\u00a0Foug\u00e8res\u00a0\u00bb en R\u00c9 majeur est un documentaire produit par Solidarit\u00e9-Psychiatrie en 1990. Il pr\u00e9sente un portrait d\u2019ensemble de l\u2019organisme en accordant la parole \u00e0 ses membres. Ceux-ci y expriment ce que leur apporte leur participation au collectif et d\u00e9crivent la nature des relations qu\u2019ils y entretiennent. Tourn\u00e9 au local de la rue Beaubien, ce court-m\u00e9trage\u00a0 offre une fen\u00eatre sur la vie quotidienne \u00e0 Solidarit\u00e9-Psychiatrie.<\/p>\n<p>Un projet de film voit \u00e9galement le jour. La cin\u00e9aste Jacqueline Levitin, alors professeure \u00e0 l\u2019Universit\u00e9 Concordia, approche le groupe apr\u00e8s avoir assist\u00e9 \u00e0 une de ses repr\u00e9sentations th\u00e9\u00e2trales. Une collaboration s\u2019installe alors et m\u00e8ne \u00e0 la cr\u00e9ation d\u2019un atelier de th\u00e9\u00e2tre et de vid\u00e9o destin\u00e9 \u00e0 la r\u00e9alisation d\u2019un film. Les personnes int\u00e9ress\u00e9es par le projet \u0153uvrent \u00e0 l\u2019\u00e9laboration du sc\u00e9nario et choisissent les th\u00e8mes \u00e0 aborder. Apr\u00e8s neuf mois \u00e0 travailler les sc\u00e8nes, le groupe s\u2019installe dans une maison de campagne pour une fin de semaine afin d\u2019y tourner le film. Mi-fiction, mi-documentaire, Pas fou comme on le pense offre un regard alternatif sur la sant\u00e9 mentale. Il pr\u00e9sente le point de vue de personnes psychiatris\u00e9es qui s\u2019expriment librement sur leur r\u00e9alit\u00e9 \u00e0 travers la mise en sc\u00e8ne de situations v\u00e9cues t\u00e9moignant de leur exp\u00e9rience. Bien que r\u00e9alis\u00e9 en collaboration avec la cin\u00e9aste Levitin, le film est avant tout celui des participants qui ont d\u00e9cid\u00e9 des th\u00e8mes, du sc\u00e9nario et de sa mise en sc\u00e8ne. Les \u00e9changes spontan\u00e9s entre les membres alternent avec des sc\u00e8nes de fiction qui traduisent diff\u00e9rentes exp\u00e9riences et sentiments v\u00e9cus. Ces sc\u00e8nes semi-fictives offrent aux participants un moyen de partager librement leur point de vue \u00e0 l\u2019abri de l\u2019interf\u00e9rence du milieu institutionnel. Prenant l\u2019affiche \u00e0 l\u2019Autre Cin\u00e9ma en octobre 1984, le film re\u00e7ut un accueil tr\u00e8s favorable.<\/p>\n<p>En 1983, certains membres du groupe mettent sur pied un comit\u00e9 responsable de la parution du journal <em>Le Crapet-Soleil<\/em>. Paraissant sur une base bimensuelle, cette publication pr\u00e9sente \u00e0 la fois des textes litt\u00e9raires et diverses informations sur les activit\u00e9s de l\u2019organisme. Divers ateliers ax\u00e9s sur la couture, la danse, les arts plastiques, le chant, la musique, la relaxation et la croissance personnelle viennent \u00e9galement s\u2019ajouter \u00e0 ceux d\u2019\u00e9criture et de th\u00e9\u00e2tre. Un atelier de conscientisation voit \u00e9galement le jour et conna\u00eet une popularit\u00e9 consid\u00e9rable. Intitul\u00e9 \u00ab\u00a0Rencontre autour d\u2019la folie\u00a0\u00bb, il se veut un espace de r\u00e9flexion et d\u2019\u00e9changes visant \u00e0 d\u00e9mystifier la folie, revendiquer le droit \u00e0 la diff\u00e9rence, et critiquer les diverses figures de l\u2019oppression. Enfin, un Groupe de Support et un Comit\u00e9-Droit sont mis sur pied afin de faciliter l\u2019entraide entre les membres et les informer sur les lois et les droits relatifs au logement, au revenu, \u00e0 la sant\u00e9 mentale, au ch\u00f4mage, etc.<\/p>\n<p>&nbsp;<\/p>\n<p>&nbsp;<\/p>","protected":false},"excerpt":{"rendered":"<p>Des projets artistiques D\u00e8s les mois suivant la cr\u00e9ation du regroupement, des membres ont pour projet de recueillir le r\u00e9cit de leurs exp\u00e9riences et r\u00e9flexions. Diff\u00e9rents t\u00e9moignages et po\u00e8mes sont ainsi mis \u00e0 l\u2019\u00e9crit et une pi\u00e8ce de th\u00e9\u00e2tre, illustrant l\u2019exp\u00e9rience sociale et institutionnelle des personnes \u00e9tiquet\u00e9es comme folles, est mise en chantier. Son sc\u00e9nario &hellip; <\/p>\n","protected":false},"author":3,"featured_media":0,"parent":9148,"menu_order":2,"comment_status":"closed","ping_status":"closed","template":"","meta":{"footnotes":""},"class_list":["post-9198","page","type-page","status-publish","hentry","entry"],"aioseo_notices":[],"_links":{"self":[{"href":"https:\/\/madnesscanada.com\/fr\/wp-json\/wp\/v2\/pages\/9198"}],"collection":[{"href":"https:\/\/madnesscanada.com\/fr\/wp-json\/wp\/v2\/pages"}],"about":[{"href":"https:\/\/madnesscanada.com\/fr\/wp-json\/wp\/v2\/types\/page"}],"author":[{"embeddable":true,"href":"https:\/\/madnesscanada.com\/fr\/wp-json\/wp\/v2\/users\/3"}],"replies":[{"embeddable":true,"href":"https:\/\/madnesscanada.com\/fr\/wp-json\/wp\/v2\/comments?post=9198"}],"version-history":[{"count":2,"href":"https:\/\/madnesscanada.com\/fr\/wp-json\/wp\/v2\/pages\/9198\/revisions"}],"predecessor-version":[{"id":9505,"href":"https:\/\/madnesscanada.com\/fr\/wp-json\/wp\/v2\/pages\/9198\/revisions\/9505"}],"up":[{"embeddable":true,"href":"https:\/\/madnesscanada.com\/fr\/wp-json\/wp\/v2\/pages\/9148"}],"wp:attachment":[{"href":"https:\/\/madnesscanada.com\/fr\/wp-json\/wp\/v2\/media?parent=9198"}],"curies":[{"name":"wp","href":"https:\/\/api.w.org\/{rel}","templated":true}]}}